{"id":20594,"date":"2025-09-03T14:42:55","date_gmt":"2025-09-03T12:42:55","guid":{"rendered":"https:\/\/calor.ee\/kamina-kurtuve-saven-into-70x62-eco\/"},"modified":"2025-09-03T14:42:55","modified_gmt":"2025-09-03T12:42:55","slug":"kamina-kurtuve-saven-into-70x62-eco","status":"publish","type":"product","link":"https:\/\/calor.ee\/lv\/kamina-kurtuve-saven-into-70x62-eco\/","title":{"rendered":"Kam\u012bna kurtuve SAVEN Into 70&#215;62 ECO"},"content":{"rendered":"","protected":false},"excerpt":{"rendered":"<p><strong>Kam\u012bna kurtuve SAVEN Into 70\u044562 ECO<\/strong> ir rad\u012bta tiem, kuri nov\u0113rt\u0113 m\u016bsdien\u012bgas tehnolo\u0123ijas un laikmet\u012bgu m\u0101j\u012bgumu. T\u0101 ir augstas kvalit\u0101tes konvekcijas jeb gaisa apkures kam\u012bna kurtuve, kas \u0101tri uzsilda apk\u0101rt\u0113jo telpu. Pateicoties kompaktajiem izm\u0113riem un piem\u0113rotajam svaram, \u0161o kam\u012bna kurtuvi var uzst\u0101d\u012bt gandr\u012bz jebkur\u0101 viet\u0101. Turkl\u0101t t\u0101 ir apr\u012bkota ar t\u0113rauda dekorat\u012bvo r\u0101mi, kas papildina vizu\u0101lo izskatu un nosedz savienojuma vietas starp kam\u012bna kurtuvi un izb\u016bv\u0113t\u0101 kam\u012bna apdari, pie\u0161\u0137irot kam\u012bnam perfektu gala akcentu.   <\/p>\n<p>Visu deg\u0161anas procesu atbalsta svaiga gaisa padeves iesp\u0113jas (100 mm) gan no apak\u0161as, gan no aizmugures, kas nodro\u0161ina vienm\u0113r\u012bgu un kontrol\u0113tu sadeg\u0161anu. Ar\u012b d\u016bmvada piesl\u0113gums ir elast\u012bgs \u2013 to var pievienot gan no kam\u012bna kurtuves aug\u0161as, gan no aizmugures. <\/p>\n<p>Ra\u017eo\u0161an\u0101 ir izmantoti tikai augst\u0101k\u0101s kvalit\u0101tes un p\u0101rbaud\u012bti materi\u0101li \u2013 kam\u012bna kurtuve ir izgatavota no augstas kvalit\u0101tes karsti velm\u0113ta t\u0113rauda, apak\u0161a ir izkl\u0101ta ar 35 mm biezu \u010cehij\u0101 ra\u017eotu \u0161amota pl\u0101ksni, bet sienas \u2013 ar 30 mm biezu vermikul\u012btu. Uguni var dro\u0161i baud\u012bt, pateicoties V\u0101cijas ra\u017eot\u0101ja Schott Robax karstumiztur\u012bgajam stiklam, kas iztur temperat\u016bru l\u012bdz pat 760\u00b0C. Kam\u012bnam ir ar\u012b t\u012bra stikla sist\u0113ma \u2013 deg\u0161anas laik\u0101 uz stikla veidojas gaisa aizkars, kas nov\u0113r\u0161 p\u0101rm\u0113r\u012bgu kv\u0113pu nos\u0113\u0161anos. Apdarei ir izmantota videi draudz\u012bga karstumiztur\u012bga kr\u0101sa, kas neizdala d\u016bmus un smakas un iztur krasas temperat\u016bras sv\u0101rst\u012bbas.   <\/p>\n<p>Liesmas intensit\u0101ti iesp\u0113jams regul\u0113t tikai ar vienu vad\u012bbas sviru, kas padara lieto\u0161anu \u012bpa\u0161i vienk\u0101r\u0161u un pat\u012bkamu.<\/p>\n<p>SAVEN Into 70&#215;62 ECO ir kas vair\u0101k nek\u0101 tikai kam\u012bna kurtuve \u2013 t\u0101 ir invest\u012bcija m\u0101j\u012bg\u0101 noska\u0146\u0101, silt\u0101 m\u0101jokl\u012b un dro\u0161\u0101 kvalit\u0101t\u0113 daudzu gadu garum\u0101.<\/p>\n<p>Atbilsto\u0161i sav\u0101m v\u0113lm\u0113m iesp\u0113jams izv\u0113l\u0113ties durvju atv\u0113r\u0161anas virzienu \u2013 pa labi vai pa kreisi.<\/p>\n","protected":false},"featured_media":20595,"comment_status":"closed","ping_status":"closed","template":"","meta":{"_acf_changed":false},"product_brand":[5549],"product_cat":[5116],"product_tag":[],"class_list":{"0":"post-20594","1":"product","2":"type-product","3":"status-publish","4":"has-post-thumbnail","6":"product_brand-saven","7":"product_cat-kaminu-kurtuves","8":"product_shipping_class-bezmaksas","9":"tm-no-options","11":"first","12":"instock","13":"sale","14":"taxable","15":"shipping-taxable","16":"purchasable","17":"product-type-variable","18":"has-default-attributes"},"acf":[],"_links":{"self":[{"href":"https:\/\/calor.ee\/lv\/wp-json\/wp\/v2\/product\/20594","targetHints":{"allow":["GET"]}}],"collection":[{"href":"https:\/\/calor.ee\/lv\/wp-json\/wp\/v2\/product"}],"about":[{"href":"https:\/\/calor.ee\/lv\/wp-json\/wp\/v2\/types\/product"}],"replies":[{"embeddable":true,"href":"https:\/\/calor.ee\/lv\/wp-json\/wp\/v2\/comments?post=20594"}],"wp:featuredmedia":[{"embeddable":true,"href":"https:\/\/calor.ee\/lv\/wp-json\/wp\/v2\/media\/20595"}],"wp:attachment":[{"href":"https:\/\/calor.ee\/lv\/wp-json\/wp\/v2\/media?parent=20594"}],"wp:term":[{"taxonomy":"product_brand","embeddable":true,"href":"https:\/\/calor.ee\/lv\/wp-json\/wp\/v2\/product_brand?post=20594"},{"taxonomy":"product_cat","embeddable":true,"href":"https:\/\/calor.ee\/lv\/wp-json\/wp\/v2\/product_cat?post=20594"},{"taxonomy":"product_tag","embeddable":true,"href":"https:\/\/calor.ee\/lv\/wp-json\/wp\/v2\/product_tag?post=20594"}],"curies":[{"name":"wp","href":"https:\/\/api.w.org\/{rel}","templated":true}]}}