{"id":20282,"date":"2023-05-25T09:27:54","date_gmt":"2023-05-25T07:27:54","guid":{"rendered":"https:\/\/calor.ee\/kamina-kurtuve-kratki-mbn-10kw-p\/"},"modified":"2023-05-25T09:27:54","modified_gmt":"2023-05-25T07:27:54","slug":"kamina-kurtuve-kratki-mbn-10kw-p","status":"publish","type":"product","link":"https:\/\/calor.ee\/lv\/kamina-kurtuve-kratki-mbn-10kw-p\/","title":{"rendered":"Kam\u012bna kurtuve Kratki MBN 10kW P"},"content":{"rendered":"<p>Kratki MBN 10kW P kam\u012bna kurtuvei ir paredz\u0113ta ar\u012b \u0101r\u0113j\u0101 gaisa padeves iesp\u0113ja \u2013 apak\u0161da\u013c\u0101 ir gaisa iepl\u016bdes atvere ar diametru 125 mm, kuru iesp\u0113jams regul\u0113t ar ieb\u016bv\u0113tas sviras pal\u012bdz\u012bbu.<\/p>\n<p>Kam\u012bna kurtuves uzst\u0101d\u012b\u0161ana ir \u0113rta \u2013 tai ir regul\u0113jamas k\u0101jas un par 360\u00b0 regul\u0113jams d\u016bmvada piesl\u0113gums, kas \u013cauj kam\u012bnu piesl\u0113gt skurstenim no jebkura le\u0146\u0137a.<\/p>\n<p><iframe loading=\"lazy\" title=\"Zapraszamy do \u015bwiata luksusu z kominkami MB | MBM, MBZ, MBO, MBA, MBN\" width=\"1020\" height=\"574\" src=\"https:\/\/www.youtube.com\/embed\/QwarIPAnRhU?feature=oembed\" frameborder=\"0\" allow=\"accelerometer; autoplay; clipboard-write; encrypted-media; gyroscope; picture-in-picture; web-share\" referrerpolicy=\"strict-origin-when-cross-origin\" allowfullscreen><\/iframe><\/p>\n","protected":false},"excerpt":{"rendered":"<p><strong>Kam\u012bna kurtuve Kratki MBN 10kW P <\/strong>ir izdev\u012bgs risin\u0101jums m\u016bsdien\u012bga un eleganta st\u016bra kam\u012bna izb\u016bvei. Izmantojot \u0161o kam\u012bna kurtuvi, ir iesp\u0113jams izb\u016bv\u0113t un noform\u0113t tie\u0161i t\u0101du st\u016bra kam\u012bnu, par k\u0101du J\u016bs vienm\u0113r esat sap\u0146oju\u0161i. \u0160\u012b vertik\u0101l\u0101 kam\u012bna simetrisk\u0101s proporcijas un unik\u0101lais skats uz dz\u012bvo uguni neap\u0161aub\u0101mi piesaista visu telp\u0101 eso\u0161o uzman\u012bbu.  <\/p>\n<p>\u0160im kam\u012bna ieliktnim ir izmantoti vislab\u0101kie materi\u0101li un jaun\u0101kie risin\u0101jumi. Kam\u012bna kurtuve ir apr\u012bkota ar karstumiztur\u012bgu TERMOTEC keramiku, kas ir siltumu akumul\u0113jo\u0161s materi\u0101ls un iztur temperat\u016bru l\u012bdz pat 660\u00b0C. Vienlaikus TERMOTEC glud\u0101 un gai\u0161\u0101 virsma kam\u012bna kurtuv\u0113 izskat\u0101s \u012bpa\u0161i iespaid\u012bgi. Kam\u012bna kurtuve ir apr\u012bkota ar d\u016bmg\u0101zu deflektoru, kas nodro\u0161ina deg\u0161anas laik\u0101 neizdedzin\u0101to degvielas da\u013ci\u0146u p\u0113cdedzi.    Deflektors vienlaikus palielina deg\u0161anas efektivit\u0101ti, nodro\u0161ina lab\u0101ku ener\u0123ijas izmanto\u0161anu un samazina kait\u012bgo vielu non\u0101k\u0161anu apk\u0101rt\u0113j\u0101 vid\u0113. Pateicoties modernajiem tehniskajiem risin\u0101jumiem, \u0161\u012b kam\u012bna kurtuve atbilst pat visstingr\u0101kajiem vides standartiem, tostarp V\u0101cijas BImSchV 2 standartam.<\/p>\n<p>Kam\u012bna kurtuvei Kratki MBN 10kW P ir iztur\u012bgas un stabilas pa lai veramas stikla durvis ar stil\u012bgu melnu apdruku gar stikla mal\u0101m. Kam\u012bna kurtuve ir apr\u012bkota ar meh\u0101nismu, kas autom\u0101tiski aizver kam\u012bna durvis. Liel\u0101 vertik\u0101l\u0101 stikla virsma \u013cauj izbaud\u012bt dz\u012bvu un m\u0101j\u012bgu uguni vienlaikus no div\u0101m pus\u0113m.  <\/p>\n<p>Kam\u012bna kurtuve ir apr\u012bkota ar t\u012br\u0101 stikla sist\u0113mu \u2014 v\u0113s\u0101ks \u0101r\u0113jais gaiss tiek virz\u012bts uz stiklu, veidojot gaisa aizkaru, kas nov\u0113r\u0161 p\u0101rm\u0113r\u012bgu sodr\u0113ju nos\u0113\u0161anos uz stikla virsmas.<\/p>\n","protected":false},"featured_media":20283,"comment_status":"closed","ping_status":"closed","template":"","meta":{"_acf_changed":false},"product_brand":[],"product_cat":[5116],"product_tag":[],"class_list":{"0":"post-20282","1":"product","2":"type-product","3":"status-publish","4":"has-post-thumbnail","6":"product_cat-kaminu-kurtuves","7":"product_shipping_class-bezmaksas","8":"tm-no-options","10":"first","11":"instock","12":"taxable","13":"shipping-taxable","14":"purchasable","15":"product-type-simple"},"acf":[],"_links":{"self":[{"href":"https:\/\/calor.ee\/lv\/wp-json\/wp\/v2\/product\/20282","targetHints":{"allow":["GET"]}}],"collection":[{"href":"https:\/\/calor.ee\/lv\/wp-json\/wp\/v2\/product"}],"about":[{"href":"https:\/\/calor.ee\/lv\/wp-json\/wp\/v2\/types\/product"}],"replies":[{"embeddable":true,"href":"https:\/\/calor.ee\/lv\/wp-json\/wp\/v2\/comments?post=20282"}],"wp:featuredmedia":[{"embeddable":true,"href":"https:\/\/calor.ee\/lv\/wp-json\/wp\/v2\/media\/20283"}],"wp:attachment":[{"href":"https:\/\/calor.ee\/lv\/wp-json\/wp\/v2\/media?parent=20282"}],"wp:term":[{"taxonomy":"product_brand","embeddable":true,"href":"https:\/\/calor.ee\/lv\/wp-json\/wp\/v2\/product_brand?post=20282"},{"taxonomy":"product_cat","embeddable":true,"href":"https:\/\/calor.ee\/lv\/wp-json\/wp\/v2\/product_cat?post=20282"},{"taxonomy":"product_tag","embeddable":true,"href":"https:\/\/calor.ee\/lv\/wp-json\/wp\/v2\/product_tag?post=20282"}],"curies":[{"name":"wp","href":"https:\/\/api.w.org\/{rel}","templated":true}]}}